{"version":"1.0","width":620,"height":178,"type":"rich","provider_name":"LISTEN","provider_url":"https:\/\/listen.style","url":"https:\/\/listen.style\/p\/isesakifm-ai_portugues\/ib3znzff\/player","title":"13 anos ap\u00f3s o acidente de \u00f4nibus na via expressa Kan-Etsu, fam\u00edlias prestam homenagem.","author_name":"ISESAKIFM","author_url":"https:\/\/listen.style\/p\/isesakifm-ai_portugues","html":"<iframe src=\"https:\/\/listen.style\/p\/isesakifm-ai_portugues\/ib3znzff\/player\" title=\"13 anos ap\u00f3s o acidente de \u00f4nibus na via expressa Kan-Etsu, fam\u00edlias prestam homenagem.\" scrolling=\"no\" frameborder=\"0\" style=\"width: 100%; height: 178px;\"><a href=\"https:\/\/listen.style\/p\/isesakifm-ai_portugues\/ib3znzff\/player\">13 anos ap\u00f3s o acidente de \u00f4nibus na via expressa Kan-Etsu, fam\u00edlias prestam homenagem.<\/a><\/iframe>"}