{"version":"1.0","width":620,"height":178,"type":"rich","provider_name":"LISTEN","provider_url":"https:\/\/listen.style","url":"https:\/\/listen.style\/p\/isesakifm-ai_portugues\/eaqhafr3\/player","title":"Ex-funcion\u00e1rio \u00e9 acusado de vender equipamentos roubados e pode pegar 3 anos de pris\u00e3o","author_name":"ISESAKIFM","author_url":"https:\/\/listen.style\/p\/isesakifm-ai_portugues","html":"<iframe src=\"https:\/\/listen.style\/p\/isesakifm-ai_portugues\/eaqhafr3\/player\" title=\"Ex-funcion\u00e1rio \u00e9 acusado de vender equipamentos roubados e pode pegar 3 anos de pris\u00e3o\" scrolling=\"no\" frameborder=\"0\" style=\"width: 100%; height: 178px;\"><a href=\"https:\/\/listen.style\/p\/isesakifm-ai_portugues\/eaqhafr3\/player\">Ex-funcion\u00e1rio \u00e9 acusado de vender equipamentos roubados e pode pegar 3 anos de pris\u00e3o<\/a><\/iframe>"}